{"id":5949,"date":"2025-12-13T14:28:28","date_gmt":"2025-12-13T13:28:28","guid":{"rendered":"https:\/\/www.valkiriasevents.com\/danza-aerea\/"},"modified":"2026-03-02T16:08:04","modified_gmt":"2026-03-02T15:08:04","slug":"danza-aerea","status":"publish","type":"page","link":"https:\/\/www.valkiriasevents.com\/fr\/danza-aerea\/","title":{"rendered":"Danse a\u00e9rienne | Spectacles chor\u00e9graphiques au sommet de votre \u00e9preuve"},"content":{"rendered":"\n<h1 class=\"wp-block-heading\" data-block-type=\"core\">Danse a\u00e9rienne | Spectacles chor\u00e9graphiques au sommet de votre \u00e9preuve<\/h1>\n\n\n\n<div class=\"wp-block-stackable-heading stk-block-heading stk-block-heading--v2 stk-block stk-aee843f\" id=\"elegancia-coreografica-en-alturas\" data-block-id=\"aee843f\"><h1 class=\"stk-block-heading__text\">\u00c9l\u00e9gance chor\u00e9graphique en hauteur<\/h1><\/div>\n\n\n\n<p data-block-type=\"core\"><strong>La danse a\u00e9rienne<\/strong> allie force, \u00e9l\u00e9gance et expression corporelle dans l\u2019air, cr\u00e9ant un spectacle visuel saisissant et sophistiqu\u00e9. <\/p>\n\n\n\n<div class=\"wp-block-stackable-spacer stk-block-spacer stk--no-padding stk-block stk-961ff35\" data-block-id=\"961ff35\"><style>.stk-961ff35 {height:20px !important;}<\/style><\/div>\n\n\n\n<p data-block-type=\"core\">De notre c\u00f4t\u00e9, chez Valkirias Events, nous proposons des performances de danse a\u00e9rienne professionnelles pour les mariages, \u00e9v\u00e9nements d\u2019entreprise, c\u00e9l\u00e9brations priv\u00e9es et spectacles sp\u00e9ciaux.  <\/p>\n\n\n\n<div class=\"wp-block-stackable-spacer stk-block-spacer stk--no-padding stk-block stk-5c6226b\" data-block-id=\"5c6226b\"><style>.stk-5c6226b {height:20px !important;}<\/style><\/div>\n\n\n\n<p data-block-type=\"core\">Chaque chor\u00e9graphie est con\u00e7ue pour enthousiasmer le public et apporter une touche exclusive et artistique \u00e0 l\u2019\u00e9v\u00e9nement.<\/p>\n\n\n\n<div class=\"wp-block-stackable-divider stk-block-divider stk-block stk-f176de9\" data-block-id=\"f176de9\"><hr class=\"stk-block-divider__hr\"><\/div>\n\n\n\n<h3 class=\"wp-block-heading\" data-block-type=\"core\">TYPES DE DANSE A\u00c9RIENNE<\/h3>\n\n\n\n<div class=\"wp-block-media-text has-media-on-the-right is-stacked-on-mobile\" data-block-type=\"core\"><div class=\"wp-block-media-text__content\">\n<p data-block-type=\"core\"><strong>Danse a\u00e9rienne avec des tissus<\/strong><\/p>\n\n\n\n<p data-block-type=\"core\">  Des mouvements fluides, des chutes contr\u00f4l\u00e9es et des silhouettes \u00e9l\u00e9gantes cr\u00e9ent une atmosph\u00e8re magique et enveloppante.<\/p>\n\n\n\n<ul class=\"wp-block-list\" data-block-type=\"core\">\n<li data-block-type=\"core\"><strong>Cerceau a\u00e9rien (Lyra)<\/strong><\/li>\n<\/ul>\n\n\n\n<p data-block-type=\"core\">  Des chor\u00e9graphies puissantes et visuelles avec des tournants, des \u00e9quilibres et des poses spectaculaires.<\/p>\n\n\n\n<ul class=\"wp-block-list\" data-block-type=\"core\">\n<li data-block-type=\"core\"><strong>Chor\u00e9graphies a\u00e9riennes personnalis\u00e9es<\/strong><\/li>\n<\/ul>\n\n\n\n<p data-block-type=\"core\">Nous concevons des performances adapt\u00e9es \u00e0 l\u2019espace, au th\u00e8me et au style de l\u2019\u00e9v\u00e9nement.<\/p>\n<\/div><figure class=\"wp-block-media-text__media\"><img decoding=\"async\" src=\"https:\/\/www.valkiriasevents.com\/wp-content\/uploads\/2025\/12\/1-1024x682.jpg\" alt=\"\" class=\"wp-image-5396 size-full\"><\/figure><\/div>\n\n\n\n<div class=\"wp-block-stackable-divider stk-block-divider stk-block stk-8f252b6\" data-block-id=\"8f252b6\"><hr class=\"stk-block-divider__hr\"><\/div>\n\n\n\n<h3 class=\"wp-block-heading has-cyan-bluish-gray-background-color has-background\" data-block-type=\"core\">Nous adaptons le style de danse au type d\u2019\u00e9v\u00e9nement<\/h3>\n\n\n\n<p data-block-type=\"core\">  Des moments sp\u00e9ciaux comme l\u2019entr\u00e9e des mari\u00e9s et des mari\u00e9s<\/p>\n\n\n\n<p data-block-type=\"core\">  D\u00e9but de la f\u00eate ou moment surprise pendant la c\u00e9l\u00e9bration<\/p>\n\n\n\n<div class=\"wp-block-stackable-spacer stk-block-spacer stk--no-padding stk-block stk-9ab3250\" data-block-id=\"9ab3250\"><style>.stk-9ab3250 {height:10px !important;}<\/style><\/div>\n\n\n\n<p data-block-type=\"core\">  Il apporte \u00e9l\u00e9gance, romantisme et un fort impact visuel.<\/p>\n\n\n\n<p data-block-type=\"core\">  Nous proposons des performances de danse a\u00e9rienne pour des pr\u00e9sentations de marques, des inaugurations, des galas et des \u00e9v\u00e9nements professionnels.<\/p>\n\n\n\n<p data-block-type=\"core\">  Nous adaptons les costumes, la musique et la chor\u00e9graphie \u00e0 l\u2019identit\u00e9 de l\u2019\u00e9v\u00e9nement ou de la compagnie.<\/p>\n\n\n\n<div class=\"wp-block-stackable-spacer stk-block-spacer stk--no-padding stk-block stk-3aaf7df\" data-block-id=\"3aaf7df\"><style>.stk-3aaf7df {height:20px !important;}<\/style><\/div>\n\n\n\n<hr class=\"wp-block-separator has-alpha-channel-opacity\" data-block-type=\"core\">\n\n\n\n<p data-block-type=\"core\"><strong>Rythme, esth\u00e9tique et \u00e9motion.<\/strong><br>Lors des \u00e9v\u00e9nements Valkirias, la danse est plus que le mouvement : c\u2019est la narration visuelle et l\u2019\u00e9nergie sc\u00e9nique au service de votre c\u00e9l\u00e9bration.<\/p>\n\n\n\n<div class=\"wp-block-stackable-spacer stk-block-spacer stk--no-padding stk-block stk-8316a3f\" data-block-id=\"8316a3f\"><style>.stk-8316a3f {height:22px !important;}<\/style><\/div>\n\n\n<div class=\"pgc-sgb-cb wp-block-pgcsimplygalleryblock-grid \" data-gallery-id=\"8ad10173\"><div class=\"sgb-preloader\" id=\"pr_8ad10173\">\n\t<div class=\"sgb-square\" style=\"background:#d4d4d4\"><\/div>\n\t<div class=\"sgb-square\" style=\"background:#d4d4d4\"><\/div>\n\t<div class=\"sgb-square\" style=\"background:#d4d4d4\"><\/div>\n\t<div class=\"sgb-square\" style=\"background:#d4d4d4\"><\/div><\/div><div class=\"simply-gallery-amp pgc_sgb_slider \"><noscript><div class=\"sgb-gallery\"><div class=\"sgb-item\"><a href=\"https:\/\/www.valkiriasevents.com\/?attachment_id=5420\" target=\"_blank\"><img decoding=\"async\" alt=\"Danza a\u00e9rea con Lyra\" width=\"168\" height=\"300\" loading=\"lazy\" src=\"https:\/\/www.valkiriasevents.com\/wp-content\/uploads\/2025\/12\/preparacion-danza-aerea-168x300.jpg\" srcset=\"https:\/\/www.valkiriasevents.com\/wp-content\/uploads\/2025\/12\/preparacion-danza-aerea-168x300.jpg 168w,https:\/\/www.valkiriasevents.com\/wp-content\/uploads\/2025\/12\/preparacion-danza-aerea-575x1024.jpg 575w,https:\/\/www.valkiriasevents.com\/wp-content\/uploads\/2025\/12\/preparacion-danza-aerea-scaled.jpg 1437w\" sizes=\"auto, 250px\"\/><\/a><\/div><div class=\"sgb-item\"><a href=\"https:\/\/www.valkiriasevents.com\/?attachment_id=5398\" target=\"_blank\"><img decoding=\"async\" alt=\"Danza a\u00e9rea en pares\" width=\"168\" height=\"300\" loading=\"lazy\" src=\"https:\/\/www.valkiriasevents.com\/wp-content\/uploads\/2025\/12\/actrices-danza-aerea-168x300.jpg\" srcset=\"https:\/\/www.valkiriasevents.com\/wp-content\/uploads\/2025\/12\/actrices-danza-aerea-168x300.jpg 168w,https:\/\/www.valkiriasevents.com\/wp-content\/uploads\/2025\/12\/actrices-danza-aerea-575x1024.jpg 575w,https:\/\/www.valkiriasevents.com\/wp-content\/uploads\/2025\/12\/actrices-danza-aerea-scaled.jpg 1437w\" sizes=\"auto, 250px\"\/><\/a><\/div><div class=\"sgb-item\"><a href=\"https:\/\/www.valkiriasevents.com\/?attachment_id=5402\" target=\"_blank\"><img decoding=\"async\" alt=\"Danza a\u00e9rea para fiestas\" width=\"300\" height=\"207\" loading=\"lazy\" src=\"https:\/\/www.valkiriasevents.com\/wp-content\/uploads\/2025\/12\/actuaciones-en-ferias-300x207.jpg\" srcset=\"https:\/\/www.valkiriasevents.com\/wp-content\/uploads\/2025\/12\/actuaciones-en-ferias-300x207.jpg 300w,https:\/\/www.valkiriasevents.com\/wp-content\/uploads\/2025\/12\/actuaciones-en-ferias-1024x705.jpg 1024w,https:\/\/www.valkiriasevents.com\/wp-content\/uploads\/2025\/12\/actuaciones-en-ferias.jpg 1080w\" sizes=\"auto, 250px\"\/><\/a><\/div><div class=\"sgb-item\"><a href=\"https:\/\/www.valkiriasevents.com\/?attachment_id=5404\" target=\"_blank\"><img decoding=\"async\" alt=\"Danza a\u00e9rea para corporativos\" width=\"168\" height=\"300\" loading=\"lazy\" src=\"https:\/\/www.valkiriasevents.com\/wp-content\/uploads\/2025\/12\/actuaciones-en-par-168x300.jpg\" srcset=\"https:\/\/www.valkiriasevents.com\/wp-content\/uploads\/2025\/12\/actuaciones-en-par-168x300.jpg 168w,https:\/\/www.valkiriasevents.com\/wp-content\/uploads\/2025\/12\/actuaciones-en-par-575x1024.jpg 575w,https:\/\/www.valkiriasevents.com\/wp-content\/uploads\/2025\/12\/actuaciones-en-par-scaled.jpg 1437w\" sizes=\"auto, 250px\"\/><\/a><\/div><div class=\"sgb-item\"><a href=\"https:\/\/www.valkiriasevents.com\/?attachment_id=5406\" target=\"_blank\"><img decoding=\"async\" alt=\"Danza a\u00e9rea bodas\" width=\"168\" height=\"300\" loading=\"lazy\" src=\"https:\/\/www.valkiriasevents.com\/wp-content\/uploads\/2025\/12\/bailarina-en-perspectiva-168x300.jpg\" srcset=\"https:\/\/www.valkiriasevents.com\/wp-content\/uploads\/2025\/12\/bailarina-en-perspectiva-168x300.jpg 168w,https:\/\/www.valkiriasevents.com\/wp-content\/uploads\/2025\/12\/bailarina-en-perspectiva-575x1024.jpg 575w,https:\/\/www.valkiriasevents.com\/wp-content\/uploads\/2025\/12\/bailarina-en-perspectiva-scaled.jpg 1437w\" sizes=\"auto, 250px\"\/><\/a><\/div><div class=\"sgb-item\"><a href=\"https:\/\/www.valkiriasevents.com\/?attachment_id=5408\" target=\"_blank\"><img decoding=\"async\" alt=\"Danza a\u00e9rea para ferias\" width=\"267\" height=\"300\" loading=\"lazy\" src=\"https:\/\/www.valkiriasevents.com\/wp-content\/uploads\/2025\/12\/celebraciones-danza-aerea-show-267x300.jpeg\" srcset=\"https:\/\/www.valkiriasevents.com\/wp-content\/uploads\/2025\/12\/celebraciones-danza-aerea-show-267x300.jpeg 267w,https:\/\/www.valkiriasevents.com\/wp-content\/uploads\/2025\/12\/celebraciones-danza-aerea-show.jpeg 720w\" sizes=\"auto, 250px\"\/><\/a><\/div><div class=\"sgb-item\"><a href=\"https:\/\/www.valkiriasevents.com\/?attachment_id=5410\" target=\"_blank\"><img decoding=\"async\" alt=\"Danza a\u00e9rea coreograf\u00eda\" width=\"300\" height=\"168\" loading=\"lazy\" src=\"https:\/\/www.valkiriasevents.com\/wp-content\/uploads\/2025\/12\/danza-aerea-trajes-brillantes-300x168.jpg\" srcset=\"https:\/\/www.valkiriasevents.com\/wp-content\/uploads\/2025\/12\/danza-aerea-trajes-brillantes-300x168.jpg 300w,https:\/\/www.valkiriasevents.com\/wp-content\/uploads\/2025\/12\/danza-aerea-trajes-brillantes-1024x575.jpg 1024w,https:\/\/www.valkiriasevents.com\/wp-content\/uploads\/2025\/12\/danza-aerea-trajes-brillantes-scaled.jpg 2560w\" sizes=\"auto, 250px\"\/><\/a><\/div><div class=\"sgb-item\"><a href=\"https:\/\/www.valkiriasevents.com\/?attachment_id=5400\" target=\"_blank\"><img decoding=\"async\" alt=\"Danza a\u00e9rea nocturrna\" width=\"300\" height=\"171\" loading=\"lazy\" src=\"https:\/\/www.valkiriasevents.com\/wp-content\/uploads\/2025\/12\/actuacion-con-aro-300x171.jpg\" srcset=\"https:\/\/www.valkiriasevents.com\/wp-content\/uploads\/2025\/12\/actuacion-con-aro-300x171.jpg 300w,https:\/\/www.valkiriasevents.com\/wp-content\/uploads\/2025\/12\/actuacion-con-aro-1024x582.jpg 1024w,https:\/\/www.valkiriasevents.com\/wp-content\/uploads\/2025\/12\/actuacion-con-aro-scaled.jpg 2560w\" sizes=\"auto, 250px\"\/><\/a><\/div><div class=\"sgb-item\"><a href=\"https:\/\/www.valkiriasevents.com\/?attachment_id=5412\" target=\"_blank\"><img decoding=\"async\" alt=\"Danza a\u00e9rea en trajes\" width=\"170\" height=\"300\" loading=\"lazy\" src=\"https:\/\/www.valkiriasevents.com\/wp-content\/uploads\/2025\/12\/danza-aro-colgado-170x300.jpg\" srcset=\"https:\/\/www.valkiriasevents.com\/wp-content\/uploads\/2025\/12\/danza-aro-colgado-170x300.jpg 170w,https:\/\/www.valkiriasevents.com\/wp-content\/uploads\/2025\/12\/danza-aro-colgado-582x1024.jpg 582w,https:\/\/www.valkiriasevents.com\/wp-content\/uploads\/2025\/12\/danza-aro-colgado-scaled.jpg 1454w\" sizes=\"auto, 250px\"\/><\/a><\/div><div class=\"sgb-item\"><a href=\"https:\/\/www.valkiriasevents.com\/?attachment_id=5414\" target=\"_blank\"><img decoding=\"async\" alt=\"Danza a\u00e9rea alturas\" width=\"168\" height=\"300\" loading=\"lazy\" src=\"https:\/\/www.valkiriasevents.com\/wp-content\/uploads\/2025\/12\/danzas-aereas-eventos-bodas-168x300.jpg\" srcset=\"https:\/\/www.valkiriasevents.com\/wp-content\/uploads\/2025\/12\/danzas-aereas-eventos-bodas-168x300.jpg 168w,https:\/\/www.valkiriasevents.com\/wp-content\/uploads\/2025\/12\/danzas-aereas-eventos-bodas-575x1024.jpg 575w,https:\/\/www.valkiriasevents.com\/wp-content\/uploads\/2025\/12\/danzas-aereas-eventos-bodas-scaled.jpg 1437w\" sizes=\"auto, 250px\"\/><\/a><\/div><div class=\"sgb-item\"><a href=\"https:\/\/www.valkiriasevents.com\/?attachment_id=5416\" target=\"_blank\"><img decoding=\"async\" alt=\"Danza a\u00e9rea en aire libre\" width=\"168\" height=\"300\" loading=\"lazy\" src=\"https:\/\/www.valkiriasevents.com\/wp-content\/uploads\/2025\/12\/danzas-caida-libre-168x300.jpg\" srcset=\"https:\/\/www.valkiriasevents.com\/wp-content\/uploads\/2025\/12\/danzas-caida-libre-168x300.jpg 168w,https:\/\/www.valkiriasevents.com\/wp-content\/uploads\/2025\/12\/danzas-caida-libre-575x1024.jpg 575w,https:\/\/www.valkiriasevents.com\/wp-content\/uploads\/2025\/12\/danzas-caida-libre-scaled.jpg 1437w\" sizes=\"auto, 250px\"\/><\/a><\/div><div class=\"sgb-item\"><a href=\"https:\/\/www.valkiriasevents.com\/?attachment_id=5418\" target=\"_blank\"><img decoding=\"async\" alt=\"Danza a\u00e9rea simetria\" width=\"143\" height=\"300\" loading=\"lazy\" src=\"https:\/\/www.valkiriasevents.com\/wp-content\/uploads\/2025\/12\/danzas-simetricas-143x300.jpg\" srcset=\"https:\/\/www.valkiriasevents.com\/wp-content\/uploads\/2025\/12\/danzas-simetricas-143x300.jpg 143w,https:\/\/www.valkiriasevents.com\/wp-content\/uploads\/2025\/12\/danzas-simetricas-487x1024.jpg 487w,https:\/\/www.valkiriasevents.com\/wp-content\/uploads\/2025\/12\/danzas-simetricas-scaled.jpg 1219w\" sizes=\"auto, 250px\"\/><\/a><\/div><\/div><\/noscript><\/div><script type=\"application\/json\" class=\"sgb-data\">{\"captions\":false,\"collectionThumbSubMenuDownload\":false,\"collectionThumbSubMenuShare\":false,\"galleryType\":\"pgc_sgb_grid\",\"galleryId\":\"8ad10173\",\"images\":[{\"id\":5420,\"title\":\"preparacion danza aerea\",\"url\":\"https:\/\/www.valkiriasevents.com\/wp-content\/uploads\/2025\/12\/preparacion-danza-aerea-scaled.jpg\",\"link\":\"https:\/\/www.valkiriasevents.com\/?attachment_id=5420\",\"alt\":\"Danza a\u00e9rea con Lyra\",\"description\":\"\",\"caption\":\"\",\"mime\":\"image\/jpeg\",\"type\":\"image\",\"width\":1437,\"height\":2560,\"sizes\":{\"thumbnail\":{\"height\":150,\"width\":150,\"url\":\"https:\/\/www.valkiriasevents.com\/wp-content\/uploads\/2025\/12\/preparacion-danza-aerea-150x150.jpg\",\"orientation\":\"landscape\"},\"medium\":{\"height\":300,\"width\":168,\"url\":\"https:\/\/www.valkiriasevents.com\/wp-content\/uploads\/2025\/12\/preparacion-danza-aerea-168x300.jpg\",\"orientation\":\"portrait\"},\"large\":{\"height\":1024,\"width\":575,\"url\":\"https:\/\/www.valkiriasevents.com\/wp-content\/uploads\/2025\/12\/preparacion-danza-aerea-575x1024.jpg\",\"orientation\":\"portrait\"},\"full\":{\"url\":\"https:\/\/www.valkiriasevents.com\/wp-content\/uploads\/2025\/12\/preparacion-danza-aerea-scaled.jpg\",\"height\":2560,\"width\":1437,\"orientation\":\"portrait\"}},\"imageMeta\":{\"aperture\":\"1.8\",\"credit\":\"\",\"camera\":\"Canon EOS 77D\",\"caption\":\"\",\"created_timestamp\":\"1703012906\",\"copyright\":\"\",\"focal_length\":\"50\",\"iso\":\"400\",\"shutter_speed\":\"0.005\",\"title\":\"\",\"orientation\":\"1\",\"keywords\":[]},\"meta\":false,\"postlink\":\"https:\/\/www.valkiriasevents.com\/?attachment_id=5420\"},{\"id\":5398,\"title\":\"actrices danza aerea\",\"url\":\"https:\/\/www.valkiriasevents.com\/wp-content\/uploads\/2025\/12\/actrices-danza-aerea-scaled.jpg\",\"link\":\"https:\/\/www.valkiriasevents.com\/?attachment_id=5398\",\"alt\":\"Danza a\u00e9rea en pares\",\"description\":\"\",\"caption\":\"\",\"mime\":\"image\/jpeg\",\"type\":\"image\",\"width\":1437,\"height\":2560,\"sizes\":{\"thumbnail\":{\"height\":150,\"width\":150,\"url\":\"https:\/\/www.valkiriasevents.com\/wp-content\/uploads\/2025\/12\/actrices-danza-aerea-150x150.jpg\",\"orientation\":\"landscape\"},\"medium\":{\"height\":300,\"width\":168,\"url\":\"https:\/\/www.valkiriasevents.com\/wp-content\/uploads\/2025\/12\/actrices-danza-aerea-168x300.jpg\",\"orientation\":\"portrait\"},\"large\":{\"height\":1024,\"width\":575,\"url\":\"https:\/\/www.valkiriasevents.com\/wp-content\/uploads\/2025\/12\/actrices-danza-aerea-575x1024.jpg\",\"orientation\":\"portrait\"},\"full\":{\"url\":\"https:\/\/www.valkiriasevents.com\/wp-content\/uploads\/2025\/12\/actrices-danza-aerea-scaled.jpg\",\"height\":2560,\"width\":1437,\"orientation\":\"portrait\"}},\"imageMeta\":{\"aperture\":\"1.8\",\"credit\":\"\",\"camera\":\"Canon EOS 77D\",\"caption\":\"\",\"created_timestamp\":\"1703016138\",\"copyright\":\"\",\"focal_length\":\"50\",\"iso\":\"800\",\"shutter_speed\":\"0.004\",\"title\":\"\",\"orientation\":\"1\",\"keywords\":[]},\"meta\":false,\"postlink\":\"https:\/\/www.valkiriasevents.com\/?attachment_id=5398\"},{\"id\":5402,\"title\":\"actuaciones en ferias\",\"url\":\"https:\/\/www.valkiriasevents.com\/wp-content\/uploads\/2025\/12\/actuaciones-en-ferias.jpg\",\"link\":\"https:\/\/www.valkiriasevents.com\/?attachment_id=5402\",\"alt\":\"Danza a\u00e9rea para fiestas\",\"description\":\"\",\"caption\":\"\",\"mime\":\"image\/jpeg\",\"type\":\"image\",\"width\":1080,\"height\":744,\"sizes\":{\"thumbnail\":{\"height\":150,\"width\":150,\"url\":\"https:\/\/www.valkiriasevents.com\/wp-content\/uploads\/2025\/12\/actuaciones-en-ferias-150x150.jpg\",\"orientation\":\"landscape\"},\"medium\":{\"height\":207,\"width\":300,\"url\":\"https:\/\/www.valkiriasevents.com\/wp-content\/uploads\/2025\/12\/actuaciones-en-ferias-300x207.jpg\",\"orientation\":\"landscape\"},\"large\":{\"height\":705,\"width\":1024,\"url\":\"https:\/\/www.valkiriasevents.com\/wp-content\/uploads\/2025\/12\/actuaciones-en-ferias-1024x705.jpg\",\"orientation\":\"landscape\"},\"full\":{\"url\":\"https:\/\/www.valkiriasevents.com\/wp-content\/uploads\/2025\/12\/actuaciones-en-ferias.jpg\",\"height\":744,\"width\":1080,\"orientation\":\"landscape\"}},\"imageMeta\":{\"aperture\":\"0\",\"credit\":\"\",\"camera\":\"\",\"caption\":\"\",\"created_timestamp\":\"1705009778\",\"copyright\":\"\",\"focal_length\":\"0\",\"iso\":\"0\",\"shutter_speed\":\"0\",\"title\":\"\",\"orientation\":\"0\",\"keywords\":[]},\"meta\":false,\"postlink\":\"https:\/\/www.valkiriasevents.com\/?attachment_id=5402\"},{\"id\":5404,\"title\":\"actuaciones en par\",\"url\":\"https:\/\/www.valkiriasevents.com\/wp-content\/uploads\/2025\/12\/actuaciones-en-par-scaled.jpg\",\"link\":\"https:\/\/www.valkiriasevents.com\/?attachment_id=5404\",\"alt\":\"Danza a\u00e9rea para corporativos\",\"description\":\"\",\"caption\":\"\",\"mime\":\"image\/jpeg\",\"type\":\"image\",\"width\":1437,\"height\":2560,\"sizes\":{\"thumbnail\":{\"height\":150,\"width\":150,\"url\":\"https:\/\/www.valkiriasevents.com\/wp-content\/uploads\/2025\/12\/actuaciones-en-par-150x150.jpg\",\"orientation\":\"landscape\"},\"medium\":{\"height\":300,\"width\":168,\"url\":\"https:\/\/www.valkiriasevents.com\/wp-content\/uploads\/2025\/12\/actuaciones-en-par-168x300.jpg\",\"orientation\":\"portrait\"},\"large\":{\"height\":1024,\"width\":575,\"url\":\"https:\/\/www.valkiriasevents.com\/wp-content\/uploads\/2025\/12\/actuaciones-en-par-575x1024.jpg\",\"orientation\":\"portrait\"},\"full\":{\"url\":\"https:\/\/www.valkiriasevents.com\/wp-content\/uploads\/2025\/12\/actuaciones-en-par-scaled.jpg\",\"height\":2560,\"width\":1437,\"orientation\":\"portrait\"}},\"imageMeta\":{\"aperture\":\"1.8\",\"credit\":\"\",\"camera\":\"Canon EOS 77D\",\"caption\":\"\",\"created_timestamp\":\"1703014340\",\"copyright\":\"\",\"focal_length\":\"50\",\"iso\":\"400\",\"shutter_speed\":\"0.005\",\"title\":\"\",\"orientation\":\"1\",\"keywords\":[]},\"meta\":false,\"postlink\":\"https:\/\/www.valkiriasevents.com\/?attachment_id=5404\"},{\"id\":5406,\"title\":\"bailarina en perspectiva\",\"url\":\"https:\/\/www.valkiriasevents.com\/wp-content\/uploads\/2025\/12\/bailarina-en-perspectiva-scaled.jpg\",\"link\":\"https:\/\/www.valkiriasevents.com\/?attachment_id=5406\",\"alt\":\"Danza a\u00e9rea bodas\",\"description\":\"\",\"caption\":\"\",\"mime\":\"image\/jpeg\",\"type\":\"image\",\"width\":1437,\"height\":2560,\"sizes\":{\"thumbnail\":{\"height\":150,\"width\":150,\"url\":\"https:\/\/www.valkiriasevents.com\/wp-content\/uploads\/2025\/12\/bailarina-en-perspectiva-150x150.jpg\",\"orientation\":\"landscape\"},\"medium\":{\"height\":300,\"width\":168,\"url\":\"https:\/\/www.valkiriasevents.com\/wp-content\/uploads\/2025\/12\/bailarina-en-perspectiva-168x300.jpg\",\"orientation\":\"portrait\"},\"large\":{\"height\":1024,\"width\":575,\"url\":\"https:\/\/www.valkiriasevents.com\/wp-content\/uploads\/2025\/12\/bailarina-en-perspectiva-575x1024.jpg\",\"orientation\":\"portrait\"},\"full\":{\"url\":\"https:\/\/www.valkiriasevents.com\/wp-content\/uploads\/2025\/12\/bailarina-en-perspectiva-scaled.jpg\",\"height\":2560,\"width\":1437,\"orientation\":\"portrait\"}},\"imageMeta\":{\"aperture\":\"1.8\",\"credit\":\"\",\"camera\":\"Canon EOS 77D\",\"caption\":\"\",\"created_timestamp\":\"1703015737\",\"copyright\":\"\",\"focal_length\":\"50\",\"iso\":\"800\",\"shutter_speed\":\"0.004\",\"title\":\"\",\"orientation\":\"1\",\"keywords\":[]},\"meta\":false,\"postlink\":\"https:\/\/www.valkiriasevents.com\/?attachment_id=5406\"},{\"id\":5408,\"title\":\"celebraciones danza aerea show\",\"url\":\"https:\/\/www.valkiriasevents.com\/wp-content\/uploads\/2025\/12\/celebraciones-danza-aerea-show.jpeg\",\"link\":\"https:\/\/www.valkiriasevents.com\/?attachment_id=5408\",\"alt\":\"Danza a\u00e9rea para ferias\",\"description\":\"\",\"caption\":\"\",\"mime\":\"image\/jpeg\",\"type\":\"image\",\"width\":720,\"height\":809,\"sizes\":{\"thumbnail\":{\"height\":150,\"width\":150,\"url\":\"https:\/\/www.valkiriasevents.com\/wp-content\/uploads\/2025\/12\/celebraciones-danza-aerea-show-150x150.jpeg\",\"orientation\":\"landscape\"},\"medium\":{\"height\":300,\"width\":267,\"url\":\"https:\/\/www.valkiriasevents.com\/wp-content\/uploads\/2025\/12\/celebraciones-danza-aerea-show-267x300.jpeg\",\"orientation\":\"portrait\"},\"full\":{\"url\":\"https:\/\/www.valkiriasevents.com\/wp-content\/uploads\/2025\/12\/celebraciones-danza-aerea-show.jpeg\",\"height\":809,\"width\":720,\"orientation\":\"portrait\"}},\"imageMeta\":{\"aperture\":\"0\",\"credit\":\"\",\"camera\":\"\",\"caption\":\"\",\"created_timestamp\":\"0\",\"copyright\":\"\",\"focal_length\":\"0\",\"iso\":\"0\",\"shutter_speed\":\"0\",\"title\":\"\",\"orientation\":\"0\",\"keywords\":[]},\"meta\":false,\"postlink\":\"https:\/\/www.valkiriasevents.com\/?attachment_id=5408\"},{\"id\":5410,\"title\":\"danza aerea trajes brillantes\",\"url\":\"https:\/\/www.valkiriasevents.com\/wp-content\/uploads\/2025\/12\/danza-aerea-trajes-brillantes-scaled.jpg\",\"link\":\"https:\/\/www.valkiriasevents.com\/?attachment_id=5410\",\"alt\":\"Danza a\u00e9rea coreograf\u00eda\",\"description\":\"\",\"caption\":\"\",\"mime\":\"image\/jpeg\",\"type\":\"image\",\"width\":2560,\"height\":1437,\"sizes\":{\"thumbnail\":{\"height\":150,\"width\":150,\"url\":\"https:\/\/www.valkiriasevents.com\/wp-content\/uploads\/2025\/12\/danza-aerea-trajes-brillantes-150x150.jpg\",\"orientation\":\"landscape\"},\"medium\":{\"height\":168,\"width\":300,\"url\":\"https:\/\/www.valkiriasevents.com\/wp-content\/uploads\/2025\/12\/danza-aerea-trajes-brillantes-300x168.jpg\",\"orientation\":\"landscape\"},\"large\":{\"height\":575,\"width\":1024,\"url\":\"https:\/\/www.valkiriasevents.com\/wp-content\/uploads\/2025\/12\/danza-aerea-trajes-brillantes-1024x575.jpg\",\"orientation\":\"landscape\"},\"full\":{\"url\":\"https:\/\/www.valkiriasevents.com\/wp-content\/uploads\/2025\/12\/danza-aerea-trajes-brillantes-scaled.jpg\",\"height\":1437,\"width\":2560,\"orientation\":\"landscape\"}},\"imageMeta\":{\"aperture\":\"1.8\",\"credit\":\"\",\"camera\":\"Canon EOS 77D\",\"caption\":\"\",\"created_timestamp\":\"1703012323\",\"copyright\":\"\",\"focal_length\":\"50\",\"iso\":\"400\",\"shutter_speed\":\"0.00025\",\"title\":\"\",\"orientation\":\"1\",\"keywords\":[]},\"meta\":false,\"postlink\":\"https:\/\/www.valkiriasevents.com\/?attachment_id=5410\"},{\"id\":5400,\"title\":\"actuacion con aro\",\"url\":\"https:\/\/www.valkiriasevents.com\/wp-content\/uploads\/2025\/12\/actuacion-con-aro-scaled.jpg\",\"link\":\"https:\/\/www.valkiriasevents.com\/?attachment_id=5400\",\"alt\":\"Danza a\u00e9rea nocturrna\",\"description\":\"\",\"caption\":\"\",\"mime\":\"image\/jpeg\",\"type\":\"image\",\"width\":2560,\"height\":1456,\"sizes\":{\"thumbnail\":{\"height\":150,\"width\":150,\"url\":\"https:\/\/www.valkiriasevents.com\/wp-content\/uploads\/2025\/12\/actuacion-con-aro-150x150.jpg\",\"orientation\":\"landscape\"},\"medium\":{\"height\":171,\"width\":300,\"url\":\"https:\/\/www.valkiriasevents.com\/wp-content\/uploads\/2025\/12\/actuacion-con-aro-300x171.jpg\",\"orientation\":\"landscape\"},\"large\":{\"height\":582,\"width\":1024,\"url\":\"https:\/\/www.valkiriasevents.com\/wp-content\/uploads\/2025\/12\/actuacion-con-aro-1024x582.jpg\",\"orientation\":\"landscape\"},\"full\":{\"url\":\"https:\/\/www.valkiriasevents.com\/wp-content\/uploads\/2025\/12\/actuacion-con-aro-scaled.jpg\",\"height\":1456,\"width\":2560,\"orientation\":\"landscape\"}},\"imageMeta\":{\"aperture\":\"1.8\",\"credit\":\"\",\"camera\":\"Canon EOS 77D\",\"caption\":\"\",\"created_timestamp\":\"1703015847\",\"copyright\":\"\",\"focal_length\":\"50\",\"iso\":\"800\",\"shutter_speed\":\"0.004\",\"title\":\"\",\"orientation\":\"1\",\"keywords\":[]},\"meta\":false,\"postlink\":\"https:\/\/www.valkiriasevents.com\/?attachment_id=5400\"},{\"id\":5412,\"title\":\"danza aro colgado\",\"url\":\"https:\/\/www.valkiriasevents.com\/wp-content\/uploads\/2025\/12\/danza-aro-colgado-scaled.jpg\",\"link\":\"https:\/\/www.valkiriasevents.com\/?attachment_id=5412\",\"alt\":\"Danza a\u00e9rea en trajes\",\"description\":\"\",\"caption\":\"\",\"mime\":\"image\/jpeg\",\"type\":\"image\",\"width\":1454,\"height\":2560,\"sizes\":{\"thumbnail\":{\"height\":150,\"width\":150,\"url\":\"https:\/\/www.valkiriasevents.com\/wp-content\/uploads\/2025\/12\/danza-aro-colgado-150x150.jpg\",\"orientation\":\"landscape\"},\"medium\":{\"height\":300,\"width\":170,\"url\":\"https:\/\/www.valkiriasevents.com\/wp-content\/uploads\/2025\/12\/danza-aro-colgado-170x300.jpg\",\"orientation\":\"portrait\"},\"large\":{\"height\":1024,\"width\":582,\"url\":\"https:\/\/www.valkiriasevents.com\/wp-content\/uploads\/2025\/12\/danza-aro-colgado-582x1024.jpg\",\"orientation\":\"portrait\"},\"full\":{\"url\":\"https:\/\/www.valkiriasevents.com\/wp-content\/uploads\/2025\/12\/danza-aro-colgado-scaled.jpg\",\"height\":2560,\"width\":1454,\"orientation\":\"portrait\"}},\"imageMeta\":{\"aperture\":\"1.8\",\"credit\":\"\",\"camera\":\"Canon EOS 77D\",\"caption\":\"\",\"created_timestamp\":\"1703012423\",\"copyright\":\"\",\"focal_length\":\"50\",\"iso\":\"400\",\"shutter_speed\":\"0.00025\",\"title\":\"\",\"orientation\":\"1\",\"keywords\":[]},\"meta\":false,\"postlink\":\"https:\/\/www.valkiriasevents.com\/?attachment_id=5412\"},{\"id\":5414,\"title\":\"danzas aereas eventos bodas\",\"url\":\"https:\/\/www.valkiriasevents.com\/wp-content\/uploads\/2025\/12\/danzas-aereas-eventos-bodas-scaled.jpg\",\"link\":\"https:\/\/www.valkiriasevents.com\/?attachment_id=5414\",\"alt\":\"Danza a\u00e9rea alturas\",\"description\":\"\",\"caption\":\"\",\"mime\":\"image\/jpeg\",\"type\":\"image\",\"width\":1437,\"height\":2560,\"sizes\":{\"thumbnail\":{\"height\":150,\"width\":150,\"url\":\"https:\/\/www.valkiriasevents.com\/wp-content\/uploads\/2025\/12\/danzas-aereas-eventos-bodas-150x150.jpg\",\"orientation\":\"landscape\"},\"medium\":{\"height\":300,\"width\":168,\"url\":\"https:\/\/www.valkiriasevents.com\/wp-content\/uploads\/2025\/12\/danzas-aereas-eventos-bodas-168x300.jpg\",\"orientation\":\"portrait\"},\"large\":{\"height\":1024,\"width\":575,\"url\":\"https:\/\/www.valkiriasevents.com\/wp-content\/uploads\/2025\/12\/danzas-aereas-eventos-bodas-575x1024.jpg\",\"orientation\":\"portrait\"},\"full\":{\"url\":\"https:\/\/www.valkiriasevents.com\/wp-content\/uploads\/2025\/12\/danzas-aereas-eventos-bodas-scaled.jpg\",\"height\":2560,\"width\":1437,\"orientation\":\"portrait\"}},\"imageMeta\":{\"aperture\":\"1.8\",\"credit\":\"\",\"camera\":\"Canon EOS 77D\",\"caption\":\"\",\"created_timestamp\":\"1703014717\",\"copyright\":\"\",\"focal_length\":\"50\",\"iso\":\"400\",\"shutter_speed\":\"0.005\",\"title\":\"\",\"orientation\":\"1\",\"keywords\":[]},\"meta\":false,\"postlink\":\"https:\/\/www.valkiriasevents.com\/?attachment_id=5414\"},{\"id\":5416,\"title\":\"danzas caida libre\",\"url\":\"https:\/\/www.valkiriasevents.com\/wp-content\/uploads\/2025\/12\/danzas-caida-libre-scaled.jpg\",\"link\":\"https:\/\/www.valkiriasevents.com\/?attachment_id=5416\",\"alt\":\"Danza a\u00e9rea en aire libre\",\"description\":\"\",\"caption\":\"\",\"mime\":\"image\/jpeg\",\"type\":\"image\",\"width\":1437,\"height\":2560,\"sizes\":{\"thumbnail\":{\"height\":150,\"width\":150,\"url\":\"https:\/\/www.valkiriasevents.com\/wp-content\/uploads\/2025\/12\/danzas-caida-libre-150x150.jpg\",\"orientation\":\"landscape\"},\"medium\":{\"height\":300,\"width\":168,\"url\":\"https:\/\/www.valkiriasevents.com\/wp-content\/uploads\/2025\/12\/danzas-caida-libre-168x300.jpg\",\"orientation\":\"portrait\"},\"large\":{\"height\":1024,\"width\":575,\"url\":\"https:\/\/www.valkiriasevents.com\/wp-content\/uploads\/2025\/12\/danzas-caida-libre-575x1024.jpg\",\"orientation\":\"portrait\"},\"full\":{\"url\":\"https:\/\/www.valkiriasevents.com\/wp-content\/uploads\/2025\/12\/danzas-caida-libre-scaled.jpg\",\"height\":2560,\"width\":1437,\"orientation\":\"portrait\"}},\"imageMeta\":{\"aperture\":\"1.8\",\"credit\":\"\",\"camera\":\"Canon EOS 77D\",\"caption\":\"\",\"created_timestamp\":\"1703014300\",\"copyright\":\"\",\"focal_length\":\"50\",\"iso\":\"400\",\"shutter_speed\":\"0.005\",\"title\":\"\",\"orientation\":\"1\",\"keywords\":[]},\"meta\":false,\"postlink\":\"https:\/\/www.valkiriasevents.com\/?attachment_id=5416\"},{\"id\":5418,\"title\":\"danzas simetricas\",\"url\":\"https:\/\/www.valkiriasevents.com\/wp-content\/uploads\/2025\/12\/danzas-simetricas-scaled.jpg\",\"link\":\"https:\/\/www.valkiriasevents.com\/?attachment_id=5418\",\"alt\":\"Danza a\u00e9rea simetria\",\"description\":\"\",\"caption\":\"\",\"mime\":\"image\/jpeg\",\"type\":\"image\",\"width\":1219,\"height\":2560,\"sizes\":{\"thumbnail\":{\"height\":150,\"width\":150,\"url\":\"https:\/\/www.valkiriasevents.com\/wp-content\/uploads\/2025\/12\/danzas-simetricas-150x150.jpg\",\"orientation\":\"landscape\"},\"medium\":{\"height\":300,\"width\":143,\"url\":\"https:\/\/www.valkiriasevents.com\/wp-content\/uploads\/2025\/12\/danzas-simetricas-143x300.jpg\",\"orientation\":\"portrait\"},\"large\":{\"height\":1024,\"width\":487,\"url\":\"https:\/\/www.valkiriasevents.com\/wp-content\/uploads\/2025\/12\/danzas-simetricas-487x1024.jpg\",\"orientation\":\"portrait\"},\"full\":{\"url\":\"https:\/\/www.valkiriasevents.com\/wp-content\/uploads\/2025\/12\/danzas-simetricas-scaled.jpg\",\"height\":2560,\"width\":1219,\"orientation\":\"portrait\"}},\"imageMeta\":{\"aperture\":\"1.8\",\"credit\":\"\",\"camera\":\"Canon EOS 77D\",\"caption\":\"\",\"created_timestamp\":\"1703016215\",\"copyright\":\"\",\"focal_length\":\"50\",\"iso\":\"800\",\"shutter_speed\":\"0.004\",\"title\":\"\",\"orientation\":\"1\",\"keywords\":[]},\"meta\":false,\"postlink\":\"https:\/\/www.valkiriasevents.com\/?attachment_id=5418\"}],\"useClobalSettings\":true,\"shareFacebook\":false,\"shareTwitter\":false,\"sharePinterest\":false,\"sliderItemDownload\":false,\"shareCopyLink\":false,\"itemsMetaDataCollection\":[]}<\/script><script>(function(){if(window.PGC_SGB && window.PGC_SGB.searcher){window.PGC_SGB.searcher.initBlocks()}})()<\/script><\/div>","protected":false},"excerpt":{"rendered":"<p>Danse a\u00e9rienne | Spectacles chor\u00e9graphiques au sommet de votre \u00e9preuve \u00c9l\u00e9gance chor\u00e9graphique en hauteur La danse a\u00e9rienne allie force, \u00e9l\u00e9gance et expression corporelle dans l\u2019air, cr\u00e9ant un spectacle visuel saisissant et sophistiqu\u00e9. De notre c\u00f4t\u00e9, chez Valkirias Events, nous proposons des performances de danse a\u00e9rienne professionnelles pour les mariages, \u00e9v\u00e9nements d\u2019entreprise, c\u00e9l\u00e9brations priv\u00e9es et spectacles [&hellip;]<\/p>\n","protected":false},"author":6,"featured_media":0,"parent":0,"menu_order":0,"comment_status":"closed","ping_status":"closed","template":"","meta":{"pgc_sgb_lightbox_settings":"","footnotes":""},"class_list":["post-5949","page","type-page","status-publish","hentry"],"blocksy_meta":[],"_links":{"self":[{"href":"https:\/\/www.valkiriasevents.com\/fr\/wp-json\/wp\/v2\/pages\/5949","targetHints":{"allow":["GET"]}}],"collection":[{"href":"https:\/\/www.valkiriasevents.com\/fr\/wp-json\/wp\/v2\/pages"}],"about":[{"href":"https:\/\/www.valkiriasevents.com\/fr\/wp-json\/wp\/v2\/types\/page"}],"author":[{"embeddable":true,"href":"https:\/\/www.valkiriasevents.com\/fr\/wp-json\/wp\/v2\/users\/6"}],"replies":[{"embeddable":true,"href":"https:\/\/www.valkiriasevents.com\/fr\/wp-json\/wp\/v2\/comments?post=5949"}],"version-history":[{"count":1,"href":"https:\/\/www.valkiriasevents.com\/fr\/wp-json\/wp\/v2\/pages\/5949\/revisions"}],"predecessor-version":[{"id":8235,"href":"https:\/\/www.valkiriasevents.com\/fr\/wp-json\/wp\/v2\/pages\/5949\/revisions\/8235"}],"wp:attachment":[{"href":"https:\/\/www.valkiriasevents.com\/fr\/wp-json\/wp\/v2\/media?parent=5949"}],"curies":[{"name":"wp","href":"https:\/\/api.w.org\/{rel}","templated":true}]}}